{"id":31505,"date":"2024-06-07T09:34:55","date_gmt":"2024-06-07T12:34:55","guid":{"rendered":"https:\/\/www.adufpb.org.br\/site\/?page_id=31505"},"modified":"2024-06-11T09:55:22","modified_gmt":"2024-06-11T12:55:22","slug":"greve2024","status":"publish","type":"page","link":"https:\/\/www.adufpb.org.br\/site\/greve2024\/","title":{"rendered":"Greve 2024"},"content":{"rendered":"<div class=\"wpb-content-wrapper\"><p>[vc_row][vc_column width=&#8221;5\/6&#8243;][vc_text_separator title=&#8221;Mobiliza\u00e7\u00f5es e lutas&#8221;]<section class=\"items-grid wf-container\"><div class=\"wf-cell wf-1\"><article class=\"post-format-standard\"><div class=\"mini-post-img\"><a class=\"alignleft post-rollover layzr-bg\" href=\"https:\/\/www.adufpb.org.br\/site\/nota-do-comando-local-de-greve-docente-sobre-o-fim-da-greve\/\" aria-label=\"Post image\"><img decoding=\"async\" class=\"preload-me lazy-load aspect\" src=\"data:image\/svg+xml,%3Csvg%20xmlns%3D&#39;http%3A%2F%2Fwww.w3.org%2F2000%2Fsvg&#39;%20viewBox%3D&#39;0%200%2060%2060&#39;%2F%3E\" data-src=\"https:\/\/www.adufpb.org.br\/site\/wp-content\/uploads\/2024\/07\/boletim-CLG-fim-de-greve-menor-60x60.jpg\" data-srcset=\"https:\/\/www.adufpb.org.br\/site\/wp-content\/uploads\/2024\/07\/boletim-CLG-fim-de-greve-menor-60x60.jpg 60w, https:\/\/www.adufpb.org.br\/site\/wp-content\/uploads\/2024\/07\/boletim-CLG-fim-de-greve-menor-120x120.jpg 120w\" loading=\"eager\" style=\"--ratio: 60 \/ 60\" sizes=\"(max-width: 60px) 100vw, 60px\" width=\"60\" height=\"60\"  alt=\"\" \/><\/a><\/div><div class=\"post-content\"><a href=\"https:\/\/www.adufpb.org.br\/site\/nota-do-comando-local-de-greve-docente-sobre-o-fim-da-greve\/\">Nota do Comando Local de Greve Docente sobre o fim da greve<\/a><br \/><time class=\"text-secondary\" datetime=\"2024-07-01T11:01:45-03:00\">1 de julho de 2024<\/time><\/div><\/article><\/div><div class=\"wf-cell wf-1\"><article class=\"post-format-standard\"><div class=\"mini-post-img\"><a class=\"alignleft post-rollover layzr-bg\" href=\"https:\/\/www.adufpb.org.br\/site\/docentes-da-ufpb-aprovam-fim-da-greve-e-retomam-atividades-na-segunda-feira-1o\/\" aria-label=\"Post image\"><img decoding=\"async\" class=\"preload-me lazy-load aspect\" src=\"data:image\/svg+xml,%3Csvg%20xmlns%3D&#39;http%3A%2F%2Fwww.w3.org%2F2000%2Fsvg&#39;%20viewBox%3D&#39;0%200%2060%2060&#39;%2F%3E\" data-src=\"https:\/\/www.adufpb.org.br\/site\/wp-content\/uploads\/2024\/06\/2024.06.27-assembleia-de-encerramento-de-greve-7-60x60.jpeg\" data-srcset=\"https:\/\/www.adufpb.org.br\/site\/wp-content\/uploads\/2024\/06\/2024.06.27-assembleia-de-encerramento-de-greve-7-60x60.jpeg 60w, https:\/\/www.adufpb.org.br\/site\/wp-content\/uploads\/2024\/06\/2024.06.27-assembleia-de-encerramento-de-greve-7-120x120.jpeg 120w\" loading=\"eager\" style=\"--ratio: 60 \/ 60\" sizes=\"(max-width: 60px) 100vw, 60px\" width=\"60\" height=\"60\"  alt=\"\" \/><\/a><\/div><div class=\"post-content\"><a href=\"https:\/\/www.adufpb.org.br\/site\/docentes-da-ufpb-aprovam-fim-da-greve-e-retomam-atividades-na-segunda-feira-1o\/\">Docentes da UFPB aprovam fim da greve e retomam atividades na segunda-feira (1\u00ba)<\/a><br \/><time class=\"text-secondary\" datetime=\"2024-06-27T18:28:23-03:00\">27 de junho de 2024<\/time><\/div><\/article><\/div><div class=\"wf-cell wf-1\"><article class=\"post-format-standard\"><div class=\"mini-post-img\"><a class=\"alignleft post-rollover layzr-bg\" href=\"https:\/\/www.adufpb.org.br\/site\/rodada-de-assembleias-na-quarta-e-quinta-feira-vai-avaliar-decisao-do-comando-nacional-de-greve\/\" aria-label=\"Post image\"><img decoding=\"async\" class=\"preload-me lazy-load aspect\" src=\"data:image\/svg+xml,%3Csvg%20xmlns%3D&#39;http%3A%2F%2Fwww.w3.org%2F2000%2Fsvg&#39;%20viewBox%3D&#39;0%200%2060%2060&#39;%2F%3E\" data-src=\"https:\/\/www.adufpb.org.br\/site\/wp-content\/uploads\/2024\/06\/CARD-AG-26-E-27-JUN-2024_AVALIACAO-SOBRE-FIM-DA-GREVE-60x60.png\" data-srcset=\"https:\/\/www.adufpb.org.br\/site\/wp-content\/uploads\/2024\/06\/CARD-AG-26-E-27-JUN-2024_AVALIACAO-SOBRE-FIM-DA-GREVE-60x60.png 60w, https:\/\/www.adufpb.org.br\/site\/wp-content\/uploads\/2024\/06\/CARD-AG-26-E-27-JUN-2024_AVALIACAO-SOBRE-FIM-DA-GREVE-120x120.png 120w\" loading=\"eager\" style=\"--ratio: 60 \/ 60\" sizes=\"(max-width: 60px) 100vw, 60px\" width=\"60\" height=\"60\"  alt=\"\" \/><\/a><\/div><div class=\"post-content\"><a href=\"https:\/\/www.adufpb.org.br\/site\/rodada-de-assembleias-na-quarta-e-quinta-feira-vai-avaliar-decisao-do-comando-nacional-de-greve\/\">Rodada de assembleias na quarta e quinta-feira vai avaliar decis\u00e3o do Comando Nacional de Greve<\/a><br \/><time class=\"text-secondary\" datetime=\"2024-06-25T14:42:07-03:00\">25 de junho de 2024<\/time><\/div><\/article><\/div><div class=\"wf-cell wf-1\"><article class=\"post-format-standard\"><div class=\"mini-post-img\"><a class=\"alignleft post-rollover layzr-bg\" href=\"https:\/\/www.adufpb.org.br\/site\/nota-do-comando-local-de-greve-docente-da-ufpb\/\" aria-label=\"Post image\"><img decoding=\"async\" class=\"preload-me lazy-load aspect\" src=\"data:image\/svg+xml,%3Csvg%20xmlns%3D&#39;http%3A%2F%2Fwww.w3.org%2F2000%2Fsvg&#39;%20viewBox%3D&#39;0%200%2060%2060&#39;%2F%3E\" data-src=\"https:\/\/www.adufpb.org.br\/site\/wp-content\/uploads\/2024\/06\/2024.06.24-nota-CLG-60x60.jpeg\" data-srcset=\"https:\/\/www.adufpb.org.br\/site\/wp-content\/uploads\/2024\/06\/2024.06.24-nota-CLG-60x60.jpeg 60w, https:\/\/www.adufpb.org.br\/site\/wp-content\/uploads\/2024\/06\/2024.06.24-nota-CLG-120x120.jpeg 120w\" loading=\"eager\" style=\"--ratio: 60 \/ 60\" sizes=\"(max-width: 60px) 100vw, 60px\" width=\"60\" height=\"60\"  alt=\"\" \/><\/a><\/div><div class=\"post-content\"><a href=\"https:\/\/www.adufpb.org.br\/site\/nota-do-comando-local-de-greve-docente-da-ufpb\/\">Nota do Comando Local de Greve Docente da UFPB<\/a><br \/><time class=\"text-secondary\" datetime=\"2024-06-24T11:15:30-03:00\">24 de junho de 2024<\/time><\/div><\/article><\/div><div class=\"wf-cell wf-1\"><article class=\"post-format-standard\"><div class=\"mini-post-img\"><a class=\"alignleft post-rollover layzr-bg\" href=\"https:\/\/www.adufpb.org.br\/site\/professores-da-ufpb-mantem-greve-mas-indicam-saida-nacional-unificada\/\" aria-label=\"Post image\"><img decoding=\"async\" class=\"preload-me lazy-load aspect\" src=\"data:image\/svg+xml,%3Csvg%20xmlns%3D&#39;http%3A%2F%2Fwww.w3.org%2F2000%2Fsvg&#39;%20viewBox%3D&#39;0%200%2060%2060&#39;%2F%3E\" data-src=\"https:\/\/www.adufpb.org.br\/site\/wp-content\/uploads\/2024\/06\/2024.06.19-assembleia-joao-pessoa-12-60x60.jpeg\" data-srcset=\"https:\/\/www.adufpb.org.br\/site\/wp-content\/uploads\/2024\/06\/2024.06.19-assembleia-joao-pessoa-12-60x60.jpeg 60w, https:\/\/www.adufpb.org.br\/site\/wp-content\/uploads\/2024\/06\/2024.06.19-assembleia-joao-pessoa-12-120x120.jpeg 120w\" loading=\"eager\" style=\"--ratio: 60 \/ 60\" sizes=\"(max-width: 60px) 100vw, 60px\" width=\"60\" height=\"60\"  alt=\"\" \/><\/a><\/div><div class=\"post-content\"><a href=\"https:\/\/www.adufpb.org.br\/site\/professores-da-ufpb-mantem-greve-mas-indicam-saida-nacional-unificada\/\">Professores da UFPB mant\u00eam greve, mas indicam sa\u00edda nacional unificada<\/a><br \/><time class=\"text-secondary\" datetime=\"2024-06-19T16:21:58-03:00\">19 de junho de 2024<\/time><\/div><\/article><\/div><div class=\"wf-cell wf-1\"><article class=\"post-format-standard\"><div class=\"mini-post-img\"><a class=\"alignleft post-rollover layzr-bg\" href=\"https:\/\/www.adufpb.org.br\/site\/comando-local-de-greve-realiza-nesta-quinta-feira-ato-publico-conjunto-em-defesa-da-democracia-na-ufpb\/\" aria-label=\"Post image\"><img decoding=\"async\" class=\"preload-me lazy-load aspect\" src=\"data:image\/svg+xml,%3Csvg%20xmlns%3D&#39;http%3A%2F%2Fwww.w3.org%2F2000%2Fsvg&#39;%20viewBox%3D&#39;0%200%2060%2060&#39;%2F%3E\" data-src=\"https:\/\/www.adufpb.org.br\/site\/wp-content\/uploads\/2024\/06\/CARD-ATO-CONJUNTO-EM-DEFESA-DA-DEMOCRACIA-NA-UFPB-60x60.png\" data-srcset=\"https:\/\/www.adufpb.org.br\/site\/wp-content\/uploads\/2024\/06\/CARD-ATO-CONJUNTO-EM-DEFESA-DA-DEMOCRACIA-NA-UFPB-60x60.png 60w, https:\/\/www.adufpb.org.br\/site\/wp-content\/uploads\/2024\/06\/CARD-ATO-CONJUNTO-EM-DEFESA-DA-DEMOCRACIA-NA-UFPB-120x120.png 120w\" loading=\"eager\" style=\"--ratio: 60 \/ 60\" sizes=\"(max-width: 60px) 100vw, 60px\" width=\"60\" height=\"60\"  alt=\"\" \/><\/a><\/div><div class=\"post-content\"><a href=\"https:\/\/www.adufpb.org.br\/site\/comando-local-de-greve-realiza-nesta-quinta-feira-ato-publico-conjunto-em-defesa-da-democracia-na-ufpb\/\">Comando Local de Greve realiza, nesta quinta-feira, ato p\u00fablico conjunto em defesa da democracia na UFPB<\/a><br \/><time class=\"text-secondary\" datetime=\"2024-06-19T14:38:34-03:00\">19 de junho de 2024<\/time><\/div><\/article><\/div><div class=\"wf-cell wf-1\"><article class=\"post-format-standard\"><div class=\"mini-post-img\"><a class=\"alignleft post-rollover layzr-bg\" href=\"https:\/\/www.adufpb.org.br\/site\/comando-de-greve-divulga-nota-contra-veto-do-interventor-a-suspensao-do-calendario-academico\/\" aria-label=\"Post image\"><img decoding=\"async\" class=\"preload-me lazy-load aspect\" src=\"data:image\/svg+xml,%3Csvg%20xmlns%3D&#39;http%3A%2F%2Fwww.w3.org%2F2000%2Fsvg&#39;%20viewBox%3D&#39;0%200%2060%2060&#39;%2F%3E\" data-src=\"https:\/\/www.adufpb.org.br\/site\/wp-content\/uploads\/2024\/06\/2024.06.18-carta-aberta-aos-conselheiros-superiores-da-UFPB-60x60.jpg\" data-srcset=\"https:\/\/www.adufpb.org.br\/site\/wp-content\/uploads\/2024\/06\/2024.06.18-carta-aberta-aos-conselheiros-superiores-da-UFPB-60x60.jpg 60w, https:\/\/www.adufpb.org.br\/site\/wp-content\/uploads\/2024\/06\/2024.06.18-carta-aberta-aos-conselheiros-superiores-da-UFPB-120x120.jpg 120w\" loading=\"eager\" style=\"--ratio: 60 \/ 60\" sizes=\"(max-width: 60px) 100vw, 60px\" width=\"60\" height=\"60\"  alt=\"\" \/><\/a><\/div><div class=\"post-content\"><a href=\"https:\/\/www.adufpb.org.br\/site\/comando-de-greve-divulga-nota-contra-veto-do-interventor-a-suspensao-do-calendario-academico\/\">Comando de Greve divulga nota contra veto de Valdiney \u00e0 suspens\u00e3o do calend\u00e1rio acad\u00eamico<\/a><br \/><time class=\"text-secondary\" datetime=\"2024-06-18T09:39:37-03:00\">18 de junho de 2024<\/time><\/div><\/article><\/div><div class=\"wf-cell wf-1\"><article class=\"post-format-standard\"><div class=\"mini-post-img\"><a class=\"alignleft post-rollover layzr-bg\" href=\"https:\/\/www.adufpb.org.br\/site\/docentes-voltam-a-se-reunir-em-assembleia-geral-na-terca-18-e-quarta-feira-19\/\" aria-label=\"Post image\"><img decoding=\"async\" class=\"preload-me lazy-load aspect\" src=\"data:image\/svg+xml,%3Csvg%20xmlns%3D&#39;http%3A%2F%2Fwww.w3.org%2F2000%2Fsvg&#39;%20viewBox%3D&#39;0%200%2060%2060&#39;%2F%3E\" data-src=\"https:\/\/www.adufpb.org.br\/site\/wp-content\/uploads\/2024\/06\/2024.06.18-19-assembleia-60x60.jpeg\" data-srcset=\"https:\/\/www.adufpb.org.br\/site\/wp-content\/uploads\/2024\/06\/2024.06.18-19-assembleia-60x60.jpeg 60w, https:\/\/www.adufpb.org.br\/site\/wp-content\/uploads\/2024\/06\/2024.06.18-19-assembleia-120x120.jpeg 120w\" loading=\"eager\" style=\"--ratio: 60 \/ 60\" sizes=\"(max-width: 60px) 100vw, 60px\" width=\"60\" height=\"60\"  alt=\"\" \/><\/a><\/div><div class=\"post-content\"><a href=\"https:\/\/www.adufpb.org.br\/site\/docentes-voltam-a-se-reunir-em-assembleia-geral-na-terca-18-e-quarta-feira-19\/\">Docentes voltam a se reunir em Assembleia Geral na ter\u00e7a (18) e quarta-feira (19)<\/a><br \/><time class=\"text-secondary\" datetime=\"2024-06-17T12:47:42-03:00\">17 de junho de 2024<\/time><\/div><\/article><\/div><div class=\"wf-cell wf-1\"><article class=\"post-format-standard\"><div class=\"mini-post-img\"><a class=\"alignleft post-rollover layzr-bg\" href=\"https:\/\/www.adufpb.org.br\/site\/mobilizacao-docente-da-ufpb-agenda-da-semana-de-17-a-21-de-junho\/\" aria-label=\"Post image\"><img decoding=\"async\" class=\"preload-me lazy-load aspect\" src=\"data:image\/svg+xml,%3Csvg%20xmlns%3D&#39;http%3A%2F%2Fwww.w3.org%2F2000%2Fsvg&#39;%20viewBox%3D&#39;0%200%2060%2060&#39;%2F%3E\" data-src=\"https:\/\/www.adufpb.org.br\/site\/wp-content\/uploads\/2024\/06\/2024.06.14-ato-no-ministerio-da-fazenda-60x60.jpeg\" data-srcset=\"https:\/\/www.adufpb.org.br\/site\/wp-content\/uploads\/2024\/06\/2024.06.14-ato-no-ministerio-da-fazenda-60x60.jpeg 60w, https:\/\/www.adufpb.org.br\/site\/wp-content\/uploads\/2024\/06\/2024.06.14-ato-no-ministerio-da-fazenda-120x120.jpeg 120w\" loading=\"eager\" style=\"--ratio: 60 \/ 60\" sizes=\"(max-width: 60px) 100vw, 60px\" width=\"60\" height=\"60\"  alt=\"\" \/><\/a><\/div><div class=\"post-content\"><a href=\"https:\/\/www.adufpb.org.br\/site\/mobilizacao-docente-da-ufpb-agenda-da-semana-de-17-a-21-de-junho\/\">Confira a agenda de mobiliza\u00e7\u00e3o do Comando Local de Greve Docente para esta semana<\/a><br \/><time class=\"text-secondary\" datetime=\"2024-06-16T12:21:47-03:00\">16 de junho de 2024<\/time><\/div><\/article><\/div><div class=\"wf-cell wf-1\"><article class=\"post-format-standard\"><div class=\"mini-post-img\"><a class=\"alignleft post-rollover layzr-bg\" href=\"https:\/\/www.adufpb.org.br\/site\/nota-de-denuncia-do-autoritarismo-na-ufpb\/\" aria-label=\"Post image\"><img decoding=\"async\" class=\"preload-me lazy-load aspect\" src=\"data:image\/svg+xml,%3Csvg%20xmlns%3D&#39;http%3A%2F%2Fwww.w3.org%2F2000%2Fsvg&#39;%20viewBox%3D&#39;0%200%2060%2060&#39;%2F%3E\" data-src=\"https:\/\/www.adufpb.org.br\/site\/wp-content\/uploads\/2024\/06\/card-para-o-site-60x60.png\" data-srcset=\"https:\/\/www.adufpb.org.br\/site\/wp-content\/uploads\/2024\/06\/card-para-o-site-60x60.png 60w, https:\/\/www.adufpb.org.br\/site\/wp-content\/uploads\/2024\/06\/card-para-o-site-120x120.png 120w\" loading=\"eager\" style=\"--ratio: 60 \/ 60\" sizes=\"(max-width: 60px) 100vw, 60px\" width=\"60\" height=\"60\"  alt=\"\" \/><\/a><\/div><div class=\"post-content\"><a href=\"https:\/\/www.adufpb.org.br\/site\/nota-de-denuncia-do-autoritarismo-na-ufpb\/\">CLG lan\u00e7a novo boletim com den\u00fancia sobre autoritarismo da administra\u00e7\u00e3o da UFPB<\/a><br \/><time class=\"text-secondary\" datetime=\"2024-06-14T12:22:09-03:00\">14 de junho de 2024<\/time><\/div><\/article><\/div><div class=\"wf-cell wf-1\"><article class=\"post-format-standard\"><div class=\"mini-post-img\"><a class=\"alignleft post-rollover layzr-bg\" href=\"https:\/\/www.adufpb.org.br\/site\/professores-da-ufpb-realizam-ato-publico-nesta-sexta-feira-14-em-frente-ao-ministerio-da-fazenda\/\" aria-label=\"Post image\"><img decoding=\"async\" class=\"preload-me lazy-load aspect\" src=\"data:image\/svg+xml,%3Csvg%20xmlns%3D&#39;http%3A%2F%2Fwww.w3.org%2F2000%2Fsvg&#39;%20viewBox%3D&#39;0%200%2060%2060&#39;%2F%3E\" data-src=\"https:\/\/www.adufpb.org.br\/site\/wp-content\/uploads\/2024\/06\/CARD-ATO-NO-MINISTERIO-DA-FAZENDA-14-JUNHO-2024-60x60.png\" data-srcset=\"https:\/\/www.adufpb.org.br\/site\/wp-content\/uploads\/2024\/06\/CARD-ATO-NO-MINISTERIO-DA-FAZENDA-14-JUNHO-2024-60x60.png 60w, https:\/\/www.adufpb.org.br\/site\/wp-content\/uploads\/2024\/06\/CARD-ATO-NO-MINISTERIO-DA-FAZENDA-14-JUNHO-2024-120x120.png 120w\" loading=\"eager\" style=\"--ratio: 60 \/ 60\" sizes=\"(max-width: 60px) 100vw, 60px\" width=\"60\" height=\"60\"  alt=\"\" \/><\/a><\/div><div class=\"post-content\"><a href=\"https:\/\/www.adufpb.org.br\/site\/professores-da-ufpb-realizam-ato-publico-nesta-sexta-feira-14-em-frente-ao-ministerio-da-fazenda\/\">Professores da UFPB realizam ato p\u00fablico nesta sexta-feira, 14, em frente ao Minist\u00e9rio da Fazenda<\/a><br \/><time class=\"text-secondary\" datetime=\"2024-06-13T16:35:08-03:00\">13 de junho de 2024<\/time><\/div><\/article><\/div><div class=\"wf-cell wf-1\"><article class=\"post-format-standard\"><div class=\"mini-post-img\"><a class=\"alignleft post-rollover layzr-bg\" href=\"https:\/\/www.adufpb.org.br\/site\/professores-e-servidores-da-ufpb-e-do-ifpb-convocam-imprensa-para-cafe-da-manha-e-entrevista-coletiva-nesta-quinta-feira-13\/\" aria-label=\"Post image\"><img decoding=\"async\" class=\"preload-me lazy-load aspect\" src=\"data:image\/svg+xml,%3Csvg%20xmlns%3D&#39;http%3A%2F%2Fwww.w3.org%2F2000%2Fsvg&#39;%20viewBox%3D&#39;0%200%2060%2060&#39;%2F%3E\" data-src=\"https:\/\/www.adufpb.org.br\/site\/wp-content\/uploads\/2024\/06\/2024.06.13-coletiva-de-imprensa-da-greve-60x60.jpeg\" data-srcset=\"https:\/\/www.adufpb.org.br\/site\/wp-content\/uploads\/2024\/06\/2024.06.13-coletiva-de-imprensa-da-greve-60x60.jpeg 60w, https:\/\/www.adufpb.org.br\/site\/wp-content\/uploads\/2024\/06\/2024.06.13-coletiva-de-imprensa-da-greve-120x120.jpeg 120w\" loading=\"eager\" style=\"--ratio: 60 \/ 60\" sizes=\"(max-width: 60px) 100vw, 60px\" width=\"60\" height=\"60\"  alt=\"\" \/><\/a><\/div><div class=\"post-content\"><a href=\"https:\/\/www.adufpb.org.br\/site\/professores-e-servidores-da-ufpb-e-do-ifpb-convocam-imprensa-para-cafe-da-manha-e-entrevista-coletiva-nesta-quinta-feira-13\/\">Professores e servidores da UFPB e do IFPB convocam imprensa para caf\u00e9 da manh\u00e3 e entrevista coletiva nesta quinta-feira (13)<\/a><br \/><time class=\"text-secondary\" datetime=\"2024-06-12T16:00:11-03:00\">12 de junho de 2024<\/time><\/div><\/article><\/div><div class=\"wf-cell wf-1\"><article class=\"post-format-standard\"><div class=\"mini-post-img\"><a class=\"alignleft post-rollover layzr-bg\" href=\"https:\/\/www.adufpb.org.br\/site\/ufpb-suspende-calendario-academico-devido-a-greves-dos-servidores-e-professores\/\" aria-label=\"Post image\"><img decoding=\"async\" class=\"preload-me lazy-load aspect\" src=\"data:image\/svg+xml,%3Csvg%20xmlns%3D&#39;http%3A%2F%2Fwww.w3.org%2F2000%2Fsvg&#39;%20viewBox%3D&#39;0%200%2060%2060&#39;%2F%3E\" data-src=\"https:\/\/www.adufpb.org.br\/site\/wp-content\/uploads\/2024\/06\/2024.06.11-reuniao-do-consepe-60x60.jpeg\" data-srcset=\"https:\/\/www.adufpb.org.br\/site\/wp-content\/uploads\/2024\/06\/2024.06.11-reuniao-do-consepe-60x60.jpeg 60w, https:\/\/www.adufpb.org.br\/site\/wp-content\/uploads\/2024\/06\/2024.06.11-reuniao-do-consepe-120x120.jpeg 120w\" loading=\"eager\" style=\"--ratio: 60 \/ 60\" sizes=\"(max-width: 60px) 100vw, 60px\" width=\"60\" height=\"60\"  alt=\"\" \/><\/a><\/div><div class=\"post-content\"><a href=\"https:\/\/www.adufpb.org.br\/site\/ufpb-suspende-calendario-academico-devido-a-greves-dos-servidores-e-professores\/\">UFPB suspende calend\u00e1rio acad\u00eamico devido a greves dos servidores e professores<\/a><br \/><time class=\"text-secondary\" datetime=\"2024-06-11T17:16:44-03:00\">11 de junho de 2024<\/time><\/div><\/article><\/div><div class=\"wf-cell wf-1\"><article class=\"post-format-standard\"><div class=\"mini-post-img\"><a class=\"alignleft post-rollover layzr-bg\" href=\"https:\/\/www.adufpb.org.br\/site\/comando-local-de-greve-docente-publica-comunicado-a-comunidade-universitaria\/\" aria-label=\"Post image\"><img decoding=\"async\" class=\"preload-me lazy-load aspect\" src=\"data:image\/svg+xml,%3Csvg%20xmlns%3D&#39;http%3A%2F%2Fwww.w3.org%2F2000%2Fsvg&#39;%20viewBox%3D&#39;0%200%2060%2060&#39;%2F%3E\" data-src=\"https:\/\/www.adufpb.org.br\/site\/wp-content\/uploads\/2024\/06\/2024.06-capa-boletim-CLG-1-60x60.jpg\" data-srcset=\"https:\/\/www.adufpb.org.br\/site\/wp-content\/uploads\/2024\/06\/2024.06-capa-boletim-CLG-1-60x60.jpg 60w, https:\/\/www.adufpb.org.br\/site\/wp-content\/uploads\/2024\/06\/2024.06-capa-boletim-CLG-1-120x120.jpg 120w\" loading=\"eager\" style=\"--ratio: 60 \/ 60\" sizes=\"(max-width: 60px) 100vw, 60px\" width=\"60\" height=\"60\"  alt=\"\" \/><\/a><\/div><div class=\"post-content\"><a href=\"https:\/\/www.adufpb.org.br\/site\/comando-local-de-greve-docente-publica-comunicado-a-comunidade-universitaria\/\">Comando Local de Greve Docente publica comunicado \u00e0 comunidade universit\u00e1ria<\/a><br \/><time class=\"text-secondary\" datetime=\"2024-06-11T08:31:15-03:00\">11 de junho de 2024<\/time><\/div><\/article><\/div><div class=\"wf-cell wf-1\"><article class=\"post-format-standard\"><div class=\"mini-post-img\"><a class=\"alignleft post-rollover layzr-bg\" href=\"https:\/\/www.adufpb.org.br\/site\/confira-a-agenda-de-mobilizacao-desta-semana-do-comando-local-de-greve-docente-da-ufpb-2\/\" aria-label=\"Post image\"><img decoding=\"async\" class=\"preload-me lazy-load aspect\" src=\"data:image\/svg+xml,%3Csvg%20xmlns%3D&#39;http%3A%2F%2Fwww.w3.org%2F2000%2Fsvg&#39;%20viewBox%3D&#39;0%200%2060%2060&#39;%2F%3E\" data-src=\"https:\/\/www.adufpb.org.br\/site\/wp-content\/uploads\/2024\/06\/2024.06.10-arrastao-na-UFPB-24-cortada-60x60.jpg\" data-srcset=\"https:\/\/www.adufpb.org.br\/site\/wp-content\/uploads\/2024\/06\/2024.06.10-arrastao-na-UFPB-24-cortada-60x60.jpg 60w, https:\/\/www.adufpb.org.br\/site\/wp-content\/uploads\/2024\/06\/2024.06.10-arrastao-na-UFPB-24-cortada-120x120.jpg 120w\" loading=\"eager\" style=\"--ratio: 60 \/ 60\" sizes=\"(max-width: 60px) 100vw, 60px\" width=\"60\" height=\"60\"  alt=\"\" \/><\/a><\/div><div class=\"post-content\"><a href=\"https:\/\/www.adufpb.org.br\/site\/confira-a-agenda-de-mobilizacao-desta-semana-do-comando-local-de-greve-docente-da-ufpb-2\/\">Professores em greve fazem &#8220;arrast\u00e3o&#8221; na UFPB; Confira a agenda de mobiliza\u00e7\u00e3o desta semana<\/a><br \/><time class=\"text-secondary\" datetime=\"2024-06-10T11:27:20-03:00\">10 de junho de 2024<\/time><\/div><\/article><\/div><div class=\"wf-cell wf-1\"><article class=\"post-format-standard\"><div class=\"mini-post-img\"><a class=\"alignleft post-rollover layzr-bg\" href=\"https:\/\/www.adufpb.org.br\/site\/professores-da-ufpb-realizam-arrastao-pela-ufpb-nesta-segunda-feira-10\/\" aria-label=\"Post image\"><img decoding=\"async\" class=\"preload-me lazy-load aspect\" src=\"data:image\/svg+xml,%3Csvg%20xmlns%3D&#39;http%3A%2F%2Fwww.w3.org%2F2000%2Fsvg&#39;%20viewBox%3D&#39;0%200%2060%2060&#39;%2F%3E\" data-src=\"https:\/\/www.adufpb.org.br\/site\/wp-content\/uploads\/2024\/06\/2024.06.10-arrastao-na-ufpb-60x60.jpeg\" data-srcset=\"https:\/\/www.adufpb.org.br\/site\/wp-content\/uploads\/2024\/06\/2024.06.10-arrastao-na-ufpb-60x60.jpeg 60w, https:\/\/www.adufpb.org.br\/site\/wp-content\/uploads\/2024\/06\/2024.06.10-arrastao-na-ufpb-120x120.jpeg 120w\" loading=\"eager\" style=\"--ratio: 60 \/ 60\" sizes=\"(max-width: 60px) 100vw, 60px\" width=\"60\" height=\"60\"  alt=\"\" \/><\/a><\/div><div class=\"post-content\"><a href=\"https:\/\/www.adufpb.org.br\/site\/professores-da-ufpb-realizam-arrastao-pela-ufpb-nesta-segunda-feira-10\/\">Professores da UFPB realizam &#8220;Arrast\u00e3o na UFPB&#8221; nesta segunda-feira (10)<\/a><br \/><time class=\"text-secondary\" datetime=\"2024-06-09T18:37:57-03:00\">9 de junho de 2024<\/time><\/div><\/article><\/div><div class=\"wf-cell wf-1\"><article class=\"post-format-standard\"><div class=\"mini-post-img\"><a class=\"alignleft post-rollover layzr-bg\" href=\"https:\/\/www.adufpb.org.br\/site\/adufpb-e-comando-local-de-greve-participam-de-audiencia-publica-na-assembleia\/\" aria-label=\"Post image\"><img decoding=\"async\" class=\"preload-me lazy-load aspect\" src=\"data:image\/svg+xml,%3Csvg%20xmlns%3D&#39;http%3A%2F%2Fwww.w3.org%2F2000%2Fsvg&#39;%20viewBox%3D&#39;0%200%2060%2060&#39;%2F%3E\" data-src=\"https:\/\/www.adufpb.org.br\/site\/wp-content\/uploads\/2024\/06\/2024.06.06-assembleia-legislativa-60x60.jpeg\" data-srcset=\"https:\/\/www.adufpb.org.br\/site\/wp-content\/uploads\/2024\/06\/2024.06.06-assembleia-legislativa-60x60.jpeg 60w, https:\/\/www.adufpb.org.br\/site\/wp-content\/uploads\/2024\/06\/2024.06.06-assembleia-legislativa-120x120.jpeg 120w\" loading=\"eager\" style=\"--ratio: 60 \/ 60\" sizes=\"(max-width: 60px) 100vw, 60px\" width=\"60\" height=\"60\"  alt=\"\" \/><\/a><\/div><div class=\"post-content\"><a href=\"https:\/\/www.adufpb.org.br\/site\/adufpb-e-comando-local-de-greve-participam-de-audiencia-publica-na-assembleia\/\">ADUFPB e Comando Local de Greve participam de Audi\u00eancia P\u00fablica na Assembleia<\/a><br \/><time class=\"text-secondary\" datetime=\"2024-06-07T17:38:17-03:00\">7 de junho de 2024<\/time><\/div><\/article><\/div><div class=\"wf-cell wf-1\"><article class=\"post-format-standard\"><div class=\"mini-post-img\"><a class=\"alignleft post-rollover layzr-bg\" href=\"https:\/\/www.adufpb.org.br\/site\/professores-e-servidores-em-greve-fazem-protesto-e-cobram-suspensao-das-aulas-no-consepe\/\" aria-label=\"Post image\"><img decoding=\"async\" class=\"preload-me lazy-load aspect\" src=\"data:image\/svg+xml,%3Csvg%20xmlns%3D&#39;http%3A%2F%2Fwww.w3.org%2F2000%2Fsvg&#39;%20viewBox%3D&#39;0%200%2060%2060&#39;%2F%3E\" data-src=\"https:\/\/www.adufpb.org.br\/site\/wp-content\/uploads\/2024\/06\/2024.06.05-protesto-greve-consepe-9-60x60.jpeg\" data-srcset=\"https:\/\/www.adufpb.org.br\/site\/wp-content\/uploads\/2024\/06\/2024.06.05-protesto-greve-consepe-9-60x60.jpeg 60w, https:\/\/www.adufpb.org.br\/site\/wp-content\/uploads\/2024\/06\/2024.06.05-protesto-greve-consepe-9-120x120.jpeg 120w\" loading=\"eager\" style=\"--ratio: 60 \/ 60\" sizes=\"(max-width: 60px) 100vw, 60px\" width=\"60\" height=\"60\"  alt=\"\" \/><\/a><\/div><div class=\"post-content\"><a href=\"https:\/\/www.adufpb.org.br\/site\/professores-e-servidores-em-greve-fazem-protesto-e-cobram-suspensao-das-aulas-no-consepe\/\">Professores e servidores em greve fazem protesto e cobram suspens\u00e3o das aulas no Consepe<\/a><br \/><time class=\"text-secondary\" datetime=\"2024-06-05T17:02:18-03:00\">5 de junho de 2024<\/time><\/div><\/article><\/div><div class=\"wf-cell wf-1\"><article class=\"post-format-standard\"><div class=\"mini-post-img\"><a class=\"alignleft post-rollover layzr-bg\" href=\"https:\/\/www.adufpb.org.br\/site\/docentes-e-tecnicos-administrativos-em-greve-participam-de-audiencia-na-assembleia-nesta-quinta-feira-6\/\" aria-label=\"Post image\"><img decoding=\"async\" class=\"preload-me lazy-load aspect\" src=\"data:image\/svg+xml,%3Csvg%20xmlns%3D&#39;http%3A%2F%2Fwww.w3.org%2F2000%2Fsvg&#39;%20viewBox%3D&#39;0%200%2060%2060&#39;%2F%3E\" data-src=\"https:\/\/www.adufpb.org.br\/site\/wp-content\/uploads\/2024\/06\/2024.06.06-audiencia-publica-60x60.jpg\" data-srcset=\"https:\/\/www.adufpb.org.br\/site\/wp-content\/uploads\/2024\/06\/2024.06.06-audiencia-publica-60x60.jpg 60w, https:\/\/www.adufpb.org.br\/site\/wp-content\/uploads\/2024\/06\/2024.06.06-audiencia-publica-120x120.jpg 120w\" loading=\"eager\" style=\"--ratio: 60 \/ 60\" sizes=\"(max-width: 60px) 100vw, 60px\" width=\"60\" height=\"60\"  alt=\"\" \/><\/a><\/div><div class=\"post-content\"><a href=\"https:\/\/www.adufpb.org.br\/site\/docentes-e-tecnicos-administrativos-em-greve-participam-de-audiencia-na-assembleia-nesta-quinta-feira-6\/\">Docentes e t\u00e9cnicos-administrativos em greve participam de audi\u00eancia na Assembleia nesta quinta-feira<\/a><br \/><time class=\"text-secondary\" datetime=\"2024-06-05T12:03:36-03:00\">5 de junho de 2024<\/time><\/div><\/article><\/div><div class=\"wf-cell wf-1\"><article class=\"post-format-standard\"><div class=\"mini-post-img\"><a class=\"alignleft post-rollover layzr-bg\" href=\"https:\/\/www.adufpb.org.br\/site\/comando-local-de-greve-convoca-para-ato-publico-nesta-quarta-feira-5-6\/\" aria-label=\"Post image\"><img decoding=\"async\" class=\"preload-me lazy-load aspect\" src=\"data:image\/svg+xml,%3Csvg%20xmlns%3D&#39;http%3A%2F%2Fwww.w3.org%2F2000%2Fsvg&#39;%20viewBox%3D&#39;0%200%2060%2060&#39;%2F%3E\" data-src=\"https:\/\/www.adufpb.org.br\/site\/wp-content\/uploads\/2024\/06\/2024.06.05-ato-publico-greve-60x60.jpeg\" data-srcset=\"https:\/\/www.adufpb.org.br\/site\/wp-content\/uploads\/2024\/06\/2024.06.05-ato-publico-greve-60x60.jpeg 60w, https:\/\/www.adufpb.org.br\/site\/wp-content\/uploads\/2024\/06\/2024.06.05-ato-publico-greve-120x120.jpeg 120w\" loading=\"eager\" style=\"--ratio: 60 \/ 60\" sizes=\"(max-width: 60px) 100vw, 60px\" width=\"60\" height=\"60\"  alt=\"\" \/><\/a><\/div><div class=\"post-content\"><a href=\"https:\/\/www.adufpb.org.br\/site\/comando-local-de-greve-convoca-para-ato-publico-nesta-quarta-feira-5-6\/\">Comando Local de Greve convoca para ato p\u00fablico nesta quarta-feira (5\/6)<\/a><br \/><time class=\"text-secondary\" datetime=\"2024-06-04T17:22:32-03:00\">4 de junho de 2024<\/time><\/div><\/article><\/div><div class=\"wf-cell wf-1\"><article class=\"post-format-standard\"><div class=\"mini-post-img\"><a class=\"alignleft post-rollover layzr-bg\" href=\"https:\/\/www.adufpb.org.br\/site\/comeca-greve-docente-na-ufpb-comando-local-realiza-reuniao-nesta-segunda-feira-3-as-15h\/\" aria-label=\"Post image\"><img decoding=\"async\" class=\"preload-me lazy-load aspect\" src=\"data:image\/svg+xml,%3Csvg%20xmlns%3D&#39;http%3A%2F%2Fwww.w3.org%2F2000%2Fsvg&#39;%20viewBox%3D&#39;0%200%2060%2060&#39;%2F%3E\" data-src=\"https:\/\/www.adufpb.org.br\/site\/wp-content\/uploads\/2024\/06\/2024.06.03-primeira-reuniao-clg-60x60.jpeg\" data-srcset=\"https:\/\/www.adufpb.org.br\/site\/wp-content\/uploads\/2024\/06\/2024.06.03-primeira-reuniao-clg-60x60.jpeg 60w, https:\/\/www.adufpb.org.br\/site\/wp-content\/uploads\/2024\/06\/2024.06.03-primeira-reuniao-clg-120x120.jpeg 120w\" loading=\"eager\" style=\"--ratio: 60 \/ 60\" sizes=\"(max-width: 60px) 100vw, 60px\" width=\"60\" height=\"60\"  alt=\"\" \/><\/a><\/div><div class=\"post-content\"><a href=\"https:\/\/www.adufpb.org.br\/site\/comeca-greve-docente-na-ufpb-comando-local-realiza-reuniao-nesta-segunda-feira-3-as-15h\/\">Come\u00e7a greve docente na UFPB; Comando Local re\u00fane-se nesta segunda-feira (3), \u00e0s 15h<\/a><br \/><time class=\"text-secondary\" datetime=\"2024-06-03T10:37:06-03:00\">3 de junho de 2024<\/time><\/div><\/article><\/div><div class=\"wf-cell wf-1\"><article class=\"post-format-standard\"><div class=\"mini-post-img\"><a class=\"alignleft post-rollover layzr-bg\" href=\"https:\/\/www.adufpb.org.br\/site\/professores-da-ufpb-entram-em-greve-por-tempo-indeterminado-2\/\" aria-label=\"Post image\"><img decoding=\"async\" class=\"preload-me lazy-load aspect\" src=\"data:image\/svg+xml,%3Csvg%20xmlns%3D&#39;http%3A%2F%2Fwww.w3.org%2F2000%2Fsvg&#39;%20viewBox%3D&#39;0%200%2060%2060&#39;%2F%3E\" data-src=\"https:\/\/www.adufpb.org.br\/site\/wp-content\/uploads\/2024\/05\/WhatsApp-Image-2024-05-29-at-18.24.30-60x60.jpeg\" data-srcset=\"https:\/\/www.adufpb.org.br\/site\/wp-content\/uploads\/2024\/05\/WhatsApp-Image-2024-05-29-at-18.24.30-60x60.jpeg 60w, https:\/\/www.adufpb.org.br\/site\/wp-content\/uploads\/2024\/05\/WhatsApp-Image-2024-05-29-at-18.24.30-120x120.jpeg 120w\" loading=\"eager\" style=\"--ratio: 60 \/ 60\" sizes=\"(max-width: 60px) 100vw, 60px\" width=\"60\" height=\"60\"  alt=\"\" \/><\/a><\/div><div class=\"post-content\"><a href=\"https:\/\/www.adufpb.org.br\/site\/professores-da-ufpb-entram-em-greve-por-tempo-indeterminado-2\/\">Professores da UFPB entram em greve por tempo indeterminado<\/a><br \/><time class=\"text-secondary\" datetime=\"2024-05-29T19:19:26-03:00\">29 de maio de 2024<\/time><\/div><\/article><\/div><div class=\"wf-cell wf-1\"><article class=\"post-format-standard\"><div class=\"mini-post-img\"><a class=\"alignleft post-rollover layzr-bg\" href=\"https:\/\/www.adufpb.org.br\/site\/assembleia-geral-docente-para-discutir-deflagracao-de-greve-na-ufpb-sera-nesta-quarta-feira-29\/\" aria-label=\"Post image\"><img decoding=\"async\" class=\"preload-me lazy-load aspect\" src=\"data:image\/svg+xml,%3Csvg%20xmlns%3D&#39;http%3A%2F%2Fwww.w3.org%2F2000%2Fsvg&#39;%20viewBox%3D&#39;0%200%2060%2060&#39;%2F%3E\" data-src=\"https:\/\/www.adufpb.org.br\/site\/wp-content\/uploads\/2024\/05\/2024.05.29-assembleia-de-greve-60x60.jpeg\" data-srcset=\"https:\/\/www.adufpb.org.br\/site\/wp-content\/uploads\/2024\/05\/2024.05.29-assembleia-de-greve-60x60.jpeg 60w, https:\/\/www.adufpb.org.br\/site\/wp-content\/uploads\/2024\/05\/2024.05.29-assembleia-de-greve-120x120.jpeg 120w\" loading=\"eager\" style=\"--ratio: 60 \/ 60\" sizes=\"(max-width: 60px) 100vw, 60px\" width=\"60\" height=\"60\"  alt=\"\" \/><\/a><\/div><div class=\"post-content\"><a href=\"https:\/\/www.adufpb.org.br\/site\/assembleia-geral-docente-para-discutir-deflagracao-de-greve-na-ufpb-sera-nesta-quarta-feira-29\/\">Assembleia geral docente para discutir deflagra\u00e7\u00e3o de greve na UFPB ser\u00e1 nesta quarta-feira (29)<\/a><br \/><time class=\"text-secondary\" datetime=\"2024-05-27T11:49:11-03:00\">27 de maio de 2024<\/time><\/div><\/article><\/div><div class=\"wf-cell wf-1\"><article class=\"post-format-standard\"><div class=\"mini-post-img\"><a class=\"alignleft post-rollover layzr-bg\" href=\"https:\/\/www.adufpb.org.br\/site\/professores-da-ufpb-rejeitam-proposta-do-governo-e-antecipam-assembleia-para-discutir-greve\/\" aria-label=\"Post image\"><img decoding=\"async\" class=\"preload-me lazy-load aspect\" src=\"data:image\/svg+xml,%3Csvg%20xmlns%3D&#39;http%3A%2F%2Fwww.w3.org%2F2000%2Fsvg&#39;%20viewBox%3D&#39;0%200%2060%2060&#39;%2F%3E\" data-src=\"https:\/\/www.adufpb.org.br\/site\/wp-content\/uploads\/2023\/01\/fachada-adufpb-e1672923335487-60x60.jpeg\" data-srcset=\"https:\/\/www.adufpb.org.br\/site\/wp-content\/uploads\/2023\/01\/fachada-adufpb-e1672923335487-60x60.jpeg 60w, https:\/\/www.adufpb.org.br\/site\/wp-content\/uploads\/2023\/01\/fachada-adufpb-e1672923335487-120x120.jpeg 120w\" loading=\"eager\" style=\"--ratio: 60 \/ 60\" sizes=\"(max-width: 60px) 100vw, 60px\" width=\"60\" height=\"60\"  alt=\"\" \/><\/a><\/div><div class=\"post-content\"><a href=\"https:\/\/www.adufpb.org.br\/site\/professores-da-ufpb-rejeitam-proposta-do-governo-e-antecipam-assembleia-para-discutir-greve\/\">Professores da UFPB rejeitam proposta do governo e antecipam assembleia para discutir greve<\/a><br \/><time class=\"text-secondary\" datetime=\"2024-05-23T18:33:16-03:00\">23 de maio de 2024<\/time><\/div><\/article><\/div><div class=\"wf-cell wf-1\"><article class=\"post-format-standard\"><div class=\"mini-post-img\"><a class=\"alignleft post-rollover layzr-bg\" href=\"https:\/\/www.adufpb.org.br\/site\/novo-boletim-adufpb-traz-avaliacao-sobre-a-ultima-proposta-do-governo-apresentada-na-mesa-de-negociacao\/\" aria-label=\"Post image\"><img decoding=\"async\" class=\"preload-me lazy-load aspect\" src=\"data:image\/svg+xml,%3Csvg%20xmlns%3D&#39;http%3A%2F%2Fwww.w3.org%2F2000%2Fsvg&#39;%20viewBox%3D&#39;0%200%2060%2060&#39;%2F%3E\" data-src=\"https:\/\/www.adufpb.org.br\/site\/wp-content\/uploads\/2024\/05\/2024.05.23-boletim-60x60.jpeg\" data-srcset=\"https:\/\/www.adufpb.org.br\/site\/wp-content\/uploads\/2024\/05\/2024.05.23-boletim-60x60.jpeg 60w, https:\/\/www.adufpb.org.br\/site\/wp-content\/uploads\/2024\/05\/2024.05.23-boletim-120x120.jpeg 120w\" loading=\"eager\" style=\"--ratio: 60 \/ 60\" sizes=\"(max-width: 60px) 100vw, 60px\" width=\"60\" height=\"60\"  alt=\"\" \/><\/a><\/div><div class=\"post-content\"><a href=\"https:\/\/www.adufpb.org.br\/site\/novo-boletim-adufpb-traz-avaliacao-sobre-a-ultima-proposta-do-governo-apresentada-na-mesa-de-negociacao\/\">Novo Boletim ADUFPB traz avalia\u00e7\u00e3o sobre a \u00faltima proposta do governo apresentada na Mesa de Negocia\u00e7\u00e3o<\/a><br \/><time class=\"text-secondary\" datetime=\"2024-05-23T09:28:36-03:00\">23 de maio de 2024<\/time><\/div><\/article><\/div><div class=\"wf-cell wf-1\"><article class=\"post-format-standard\"><div class=\"mini-post-img\"><a class=\"alignleft post-rollover layzr-bg\" href=\"https:\/\/www.adufpb.org.br\/site\/adufpb-convoca-docentes-para-assembleia-on-line-na-proxima-quinta-feira\/\" aria-label=\"Post image\"><img decoding=\"async\" class=\"preload-me lazy-load aspect\" src=\"data:image\/svg+xml,%3Csvg%20xmlns%3D&#39;http%3A%2F%2Fwww.w3.org%2F2000%2Fsvg&#39;%20viewBox%3D&#39;0%200%2060%2060&#39;%2F%3E\" data-src=\"https:\/\/www.adufpb.org.br\/site\/wp-content\/uploads\/2024\/05\/Banner_AG23Maio-60x60.jpeg\" data-srcset=\"https:\/\/www.adufpb.org.br\/site\/wp-content\/uploads\/2024\/05\/Banner_AG23Maio-60x60.jpeg 60w, https:\/\/www.adufpb.org.br\/site\/wp-content\/uploads\/2024\/05\/Banner_AG23Maio-120x120.jpeg 120w\" loading=\"eager\" style=\"--ratio: 60 \/ 60\" sizes=\"(max-width: 60px) 100vw, 60px\" width=\"60\" height=\"60\"  alt=\"\" \/><\/a><\/div><div class=\"post-content\"><a href=\"https:\/\/www.adufpb.org.br\/site\/adufpb-convoca-docentes-para-assembleia-on-line-na-proxima-quinta-feira\/\">ADUFPB convoca docentes para assembleia on-line na pr\u00f3xima quinta-feira<\/a><br \/><time class=\"text-secondary\" datetime=\"2024-05-20T11:33:31-03:00\">20 de maio de 2024<\/time><\/div><\/article><\/div><div class=\"wf-cell wf-1\"><article class=\"post-format-standard\"><div class=\"mini-post-img\"><a class=\"alignleft post-rollover layzr-bg\" href=\"https:\/\/www.adufpb.org.br\/site\/adufpb-promove-nova-edicao-do-projeto-realidade-brasileira-e-universidade-nesta-quinta-feira-9\/\" aria-label=\"Post image\"><img decoding=\"async\" class=\"preload-me lazy-load aspect\" src=\"data:image\/svg+xml,%3Csvg%20xmlns%3D&#39;http%3A%2F%2Fwww.w3.org%2F2000%2Fsvg&#39;%20viewBox%3D&#39;0%200%2060%2060&#39;%2F%3E\" data-src=\"https:\/\/www.adufpb.org.br\/site\/wp-content\/uploads\/2024\/05\/CARD-REALIDADE-BRASILEIRA-2024-DIMMITRE-MORANT-MAIO-2024-60x60.png\" data-srcset=\"https:\/\/www.adufpb.org.br\/site\/wp-content\/uploads\/2024\/05\/CARD-REALIDADE-BRASILEIRA-2024-DIMMITRE-MORANT-MAIO-2024-60x60.png 60w, https:\/\/www.adufpb.org.br\/site\/wp-content\/uploads\/2024\/05\/CARD-REALIDADE-BRASILEIRA-2024-DIMMITRE-MORANT-MAIO-2024-120x120.png 120w\" loading=\"eager\" style=\"--ratio: 60 \/ 60\" sizes=\"(max-width: 60px) 100vw, 60px\" width=\"60\" height=\"60\"  alt=\"\" \/><\/a><\/div><div class=\"post-content\"><a href=\"https:\/\/www.adufpb.org.br\/site\/adufpb-promove-nova-edicao-do-projeto-realidade-brasileira-e-universidade-nesta-quinta-feira-9\/\">ADUFPB promove nova edi\u00e7\u00e3o do projeto &#8220;Realidade Brasileira e Universidade&#8221; nesta quinta-feira (9)<\/a><br \/><time class=\"text-secondary\" datetime=\"2024-05-08T11:28:53-03:00\">8 de maio de 2024<\/time><\/div><\/article><\/div><div class=\"wf-cell wf-1\"><article class=\"post-format-standard\"><div class=\"mini-post-img\"><a class=\"alignleft post-rollover layzr-bg\" href=\"https:\/\/www.adufpb.org.br\/site\/ministro-camilo-santana-recebe-adufpb-e-outros-servidores-federais-de-ensino-da-pb\/\" aria-label=\"Post image\"><img decoding=\"async\" class=\"preload-me lazy-load aspect\" src=\"data:image\/svg+xml,%3Csvg%20xmlns%3D&#39;http%3A%2F%2Fwww.w3.org%2F2000%2Fsvg&#39;%20viewBox%3D&#39;0%200%2060%2060&#39;%2F%3E\" data-src=\"https:\/\/www.adufpb.org.br\/site\/wp-content\/uploads\/2024\/05\/WhatsApp-Image-2024-05-03-at-14.24.40-60x60.jpeg\" data-srcset=\"https:\/\/www.adufpb.org.br\/site\/wp-content\/uploads\/2024\/05\/WhatsApp-Image-2024-05-03-at-14.24.40-60x60.jpeg 60w, https:\/\/www.adufpb.org.br\/site\/wp-content\/uploads\/2024\/05\/WhatsApp-Image-2024-05-03-at-14.24.40-120x120.jpeg 120w\" loading=\"eager\" style=\"--ratio: 60 \/ 60\" sizes=\"(max-width: 60px) 100vw, 60px\" width=\"60\" height=\"60\"  alt=\"\" \/><\/a><\/div><div class=\"post-content\"><a href=\"https:\/\/www.adufpb.org.br\/site\/ministro-camilo-santana-recebe-adufpb-e-outros-servidores-federais-de-ensino-da-pb\/\">Ministro Camilo Santana recebe ADUFPB e outros servidores federais de ensino da Para\u00edba<\/a><br \/><time class=\"text-secondary\" datetime=\"2024-05-03T17:59:08-03:00\">3 de maio de 2024<\/time><\/div><\/article><\/div><div class=\"wf-cell wf-1\"><article class=\"post-format-standard\"><div class=\"mini-post-img\"><a class=\"alignleft post-rollover layzr-bg\" href=\"https:\/\/www.adufpb.org.br\/site\/docentes-da-ufpb-mantem-indicativo-de-greve-sem-data-categoria-permanece-mobilizada\/\" aria-label=\"Post image\"><img decoding=\"async\" class=\"preload-me lazy-load aspect\" src=\"data:image\/svg+xml,%3Csvg%20xmlns%3D&#39;http%3A%2F%2Fwww.w3.org%2F2000%2Fsvg&#39;%20viewBox%3D&#39;0%200%2060%2060&#39;%2F%3E\" data-src=\"https:\/\/www.adufpb.org.br\/site\/wp-content\/uploads\/2024\/05\/Assembleia-1-60x60.jpeg\" data-srcset=\"https:\/\/www.adufpb.org.br\/site\/wp-content\/uploads\/2024\/05\/Assembleia-1-60x60.jpeg 60w, https:\/\/www.adufpb.org.br\/site\/wp-content\/uploads\/2024\/05\/Assembleia-1-120x120.jpeg 120w\" loading=\"eager\" style=\"--ratio: 60 \/ 60\" sizes=\"(max-width: 60px) 100vw, 60px\" width=\"60\" height=\"60\"  alt=\"\" \/><\/a><\/div><div class=\"post-content\"><a href=\"https:\/\/www.adufpb.org.br\/site\/docentes-da-ufpb-mantem-indicativo-de-greve-sem-data-categoria-permanece-mobilizada\/\">Docentes da UFPB mant\u00eam indicativo de greve sem data; categoria permanece mobilizada<\/a><br \/><time class=\"text-secondary\" datetime=\"2024-05-02T15:54:14-03:00\">2 de maio de 2024<\/time><\/div><\/article><\/div><div class=\"wf-cell wf-1\"><article class=\"post-format-standard\"><div class=\"mini-post-img\"><a class=\"alignleft post-rollover layzr-bg\" href=\"https:\/\/www.adufpb.org.br\/site\/adufpb-convoca-professoresas-para-atividade-com-o-ministro-da-educacao-em-joao-pessoa\/\" aria-label=\"Post image\"><img decoding=\"async\" class=\"preload-me lazy-load aspect\" src=\"data:image\/svg+xml,%3Csvg%20xmlns%3D&#39;http%3A%2F%2Fwww.w3.org%2F2000%2Fsvg&#39;%20viewBox%3D&#39;0%200%2060%2060&#39;%2F%3E\" data-src=\"https:\/\/www.adufpb.org.br\/site\/wp-content\/uploads\/2024\/05\/camilo_santana_02-60x60.jpg\" data-srcset=\"https:\/\/www.adufpb.org.br\/site\/wp-content\/uploads\/2024\/05\/camilo_santana_02-60x60.jpg 60w, https:\/\/www.adufpb.org.br\/site\/wp-content\/uploads\/2024\/05\/camilo_santana_02-120x120.jpg 120w\" loading=\"eager\" style=\"--ratio: 60 \/ 60\" sizes=\"(max-width: 60px) 100vw, 60px\" width=\"60\" height=\"60\"  alt=\"\" \/><\/a><\/div><div class=\"post-content\"><a href=\"https:\/\/www.adufpb.org.br\/site\/adufpb-convoca-professoresas-para-atividade-com-o-ministro-da-educacao-em-joao-pessoa\/\">ADUFPB convoca professores(as) para atividade com o ministro da Educa\u00e7\u00e3o em Jo\u00e3o Pessoa<\/a><br \/><time class=\"text-secondary\" datetime=\"2024-05-02T13:03:48-03:00\">2 de maio de 2024<\/time><\/div><\/article><\/div><div class=\"wf-cell wf-1\"><article class=\"post-format-standard\"><div class=\"mini-post-img\"><a class=\"alignleft post-rollover layzr-bg\" href=\"https:\/\/www.adufpb.org.br\/site\/comissao-de-mobilizacao-realiza-panfletagem-no-campus-i-e-convoca-categoria-para-discutir-campanha-salarial\/\" aria-label=\"Post image\"><img decoding=\"async\" class=\"preload-me lazy-load aspect\" src=\"data:image\/svg+xml,%3Csvg%20xmlns%3D&#39;http%3A%2F%2Fwww.w3.org%2F2000%2Fsvg&#39;%20viewBox%3D&#39;0%200%2060%2060&#39;%2F%3E\" data-src=\"https:\/\/www.adufpb.org.br\/site\/wp-content\/uploads\/2024\/04\/2024.04-card-mobilizacao-60x60.jpeg\" data-srcset=\"https:\/\/www.adufpb.org.br\/site\/wp-content\/uploads\/2024\/04\/2024.04-card-mobilizacao-60x60.jpeg 60w, https:\/\/www.adufpb.org.br\/site\/wp-content\/uploads\/2024\/04\/2024.04-card-mobilizacao-120x120.jpeg 120w\" loading=\"eager\" style=\"--ratio: 60 \/ 60\" sizes=\"(max-width: 60px) 100vw, 60px\" width=\"60\" height=\"60\"  alt=\"\" \/><\/a><\/div><div class=\"post-content\"><a href=\"https:\/\/www.adufpb.org.br\/site\/comissao-de-mobilizacao-realiza-panfletagem-no-campus-i-e-convoca-categoria-para-discutir-campanha-salarial\/\">Comiss\u00e3o de Mobiliza\u00e7\u00e3o realiza panfletagem e convoca categoria para assembleia<\/a><br \/><time class=\"text-secondary\" datetime=\"2024-04-29T16:37:16-03:00\">29 de abril de 2024<\/time><\/div><\/article><\/div><div class=\"wf-cell wf-1\"><article class=\"post-format-standard\"><div class=\"mini-post-img\"><a class=\"alignleft post-rollover layzr-bg\" href=\"https:\/\/www.adufpb.org.br\/site\/associacoes-docentes-aprovam-construcao-de-greve-no-42o-congresso-do-andes\/\" aria-label=\"Post image\"><img decoding=\"async\" class=\"preload-me lazy-load aspect\" src=\"data:image\/svg+xml,%3Csvg%20xmlns%3D&#39;http%3A%2F%2Fwww.w3.org%2F2000%2Fsvg&#39;%20viewBox%3D&#39;0%200%2060%2060&#39;%2F%3E\" data-src=\"https:\/\/www.adufpb.org.br\/site\/wp-content\/uploads\/2024\/03\/cong-60x60.jpg\" data-srcset=\"https:\/\/www.adufpb.org.br\/site\/wp-content\/uploads\/2024\/03\/cong-60x60.jpg 60w, https:\/\/www.adufpb.org.br\/site\/wp-content\/uploads\/2024\/03\/cong-120x120.jpg 120w\" loading=\"eager\" style=\"--ratio: 60 \/ 60\" sizes=\"(max-width: 60px) 100vw, 60px\" width=\"60\" height=\"60\"  alt=\"\" \/><\/a><\/div><div class=\"post-content\"><a href=\"https:\/\/www.adufpb.org.br\/site\/associacoes-docentes-aprovam-construcao-de-greve-no-42o-congresso-do-andes\/\">Se\u00e7\u00f5es sindicais aprovam constru\u00e7\u00e3o de greve no 42\u00ba Congresso do Andes<\/a><br \/><time class=\"text-secondary\" datetime=\"2024-03-01T18:51:54-03:00\">1 de mar\u00e7o de 2024<\/time><\/div><\/article><\/div><div class=\"wf-cell wf-1\"><article class=\"post-format-standard\"><div class=\"mini-post-img\"><a class=\"alignleft post-rollover layzr-bg\" href=\"https:\/\/www.adufpb.org.br\/site\/nesta-quinta-adufpb-participa-de-mobilizacao-nacional-por-carreira-e-educacao-publica\/\" aria-label=\"Post image\"><img decoding=\"async\" class=\"preload-me lazy-load aspect\" src=\"data:image\/svg+xml,%3Csvg%20xmlns%3D&#39;http%3A%2F%2Fwww.w3.org%2F2000%2Fsvg&#39;%20viewBox%3D&#39;0%200%2060%2060&#39;%2F%3E\" data-src=\"https:\/\/www.adufpb.org.br\/site\/wp-content\/uploads\/2024\/02\/Mobilizacao-60x60.jpeg\" data-srcset=\"https:\/\/www.adufpb.org.br\/site\/wp-content\/uploads\/2024\/02\/Mobilizacao-60x60.jpeg 60w, https:\/\/www.adufpb.org.br\/site\/wp-content\/uploads\/2024\/02\/Mobilizacao-120x120.jpeg 120w\" loading=\"eager\" style=\"--ratio: 60 \/ 60\" sizes=\"(max-width: 60px) 100vw, 60px\" width=\"60\" height=\"60\"  alt=\"\" \/><\/a><\/div><div class=\"post-content\"><a href=\"https:\/\/www.adufpb.org.br\/site\/nesta-quinta-adufpb-participa-de-mobilizacao-nacional-por-carreira-e-educacao-publica\/\">Nesta quinta: ADUFPB participa de mobiliza\u00e7\u00e3o nacional por carreira e educa\u00e7\u00e3o p\u00fablica<\/a><br \/><time class=\"text-secondary\" datetime=\"2024-02-21T17:03:56-03:00\">21 de fevereiro de 2024<\/time><\/div><\/article><\/div><\/section>[\/vc_column][vc_column width=&#8221;1\/6&#8243;][\/vc_column][\/vc_row]<\/p>\n<\/div>","protected":false},"excerpt":{"rendered":"<p>[vc_row][vc_column width=&#8221;5\/6&#8243;][vc_text_separator title=&#8221;Mobiliza\u00e7\u00f5es e lutas&#8221;][\/vc_column][vc_column width=&#8221;1\/6&#8243;][\/vc_column][\/vc_row]<\/p>\n","protected":false},"author":1,"featured_media":0,"parent":0,"menu_order":0,"comment_status":"closed","ping_status":"closed","template":"template-microsite.php","meta":{"footnotes":""},"class_list":["post-31505","page","type-page","status-publish","hentry","description-off"],"_links":{"self":[{"href":"https:\/\/www.adufpb.org.br\/site\/wp-json\/wp\/v2\/pages\/31505","targetHints":{"allow":["GET"]}}],"collection":[{"href":"https:\/\/www.adufpb.org.br\/site\/wp-json\/wp\/v2\/pages"}],"about":[{"href":"https:\/\/www.adufpb.org.br\/site\/wp-json\/wp\/v2\/types\/page"}],"author":[{"embeddable":true,"href":"https:\/\/www.adufpb.org.br\/site\/wp-json\/wp\/v2\/users\/1"}],"replies":[{"embeddable":true,"href":"https:\/\/www.adufpb.org.br\/site\/wp-json\/wp\/v2\/comments?post=31505"}],"version-history":[{"count":25,"href":"https:\/\/www.adufpb.org.br\/site\/wp-json\/wp\/v2\/pages\/31505\/revisions"}],"predecessor-version":[{"id":31600,"href":"https:\/\/www.adufpb.org.br\/site\/wp-json\/wp\/v2\/pages\/31505\/revisions\/31600"}],"wp:attachment":[{"href":"https:\/\/www.adufpb.org.br\/site\/wp-json\/wp\/v2\/media?parent=31505"}],"curies":[{"name":"wp","href":"https:\/\/api.w.org\/{rel}","templated":true}]}}